{"id":2713,"date":"2024-10-24T12:08:50","date_gmt":"2024-10-24T18:08:50","guid":{"rendered":"https:\/\/www.fmcomunicaciones.com\/eventos\/?page_id=2713"},"modified":"2024-10-29T23:19:22","modified_gmt":"2024-10-30T06:19:22","slug":"interinstitucional","status":"publish","type":"page","link":"https:\/\/www.fmcomunicaciones.com\/eventos\/interinstitucional\/","title":{"rendered":"Interinstitucional"},"content":{"rendered":"\t\t<div data-elementor-type=\"wp-page\" data-elementor-id=\"2713\" class=\"elementor elementor-2713\" data-elementor-post-type=\"page\">\n\t\t\t\t\t\t<section class=\"elementor-section elementor-top-section elementor-element elementor-element-4a169c9 elementor-section-full_width elementor-section-height-default elementor-section-height-default\" data-id=\"4a169c9\" data-element_type=\"section\" data-e-type=\"section\">\n\t\t\t\t\t\t<div class=\"elementor-container elementor-column-gap-no\">\n\t\t\t\t\t<div class=\"elementor-column elementor-col-100 elementor-top-column elementor-element elementor-element-43583fc\" data-id=\"43583fc\" data-element_type=\"column\" data-e-type=\"column\">\n\t\t\t<div class=\"elementor-widget-wrap elementor-element-populated\">\n\t\t\t\t\t\t<div class=\"elementor-element elementor-element-ea07190 elementor-widget elementor-widget-image\" data-id=\"ea07190\" data-element_type=\"widget\" data-e-type=\"widget\" data-widget_type=\"image.default\">\n\t\t\t\t<div class=\"elementor-widget-container\">\n\t\t\t\t\t\t\t\t\t\t\t\t\t\t\t<img fetchpriority=\"high\" decoding=\"async\" width=\"1920\" height=\"731\" src=\"https:\/\/www.fmcomunicaciones.com\/eventos\/wp-content\/uploads\/2024\/10\/top_2.png\" class=\"attachment-full size-full wp-image-2786\" alt=\"\" srcset=\"https:\/\/www.fmcomunicaciones.com\/eventos\/wp-content\/uploads\/2024\/10\/top_2.png 1920w, https:\/\/www.fmcomunicaciones.com\/eventos\/wp-content\/uploads\/2024\/10\/top_2-300x114.png 300w, https:\/\/www.fmcomunicaciones.com\/eventos\/wp-content\/uploads\/2024\/10\/top_2-1024x390.png 1024w, https:\/\/www.fmcomunicaciones.com\/eventos\/wp-content\/uploads\/2024\/10\/top_2-768x292.png 768w, https:\/\/www.fmcomunicaciones.com\/eventos\/wp-content\/uploads\/2024\/10\/top_2-1536x585.png 1536w\" sizes=\"(max-width: 1920px) 100vw, 1920px\" \/>\t\t\t\t\t\t\t\t\t\t\t\t\t\t\t<\/div>\n\t\t\t\t<\/div>\n\t\t\t\t\t<\/div>\n\t\t<\/div>\n\t\t\t\t\t<\/div>\n\t\t<\/section>\n\t\t\t\t<section class=\"elementor-section elementor-top-section elementor-element elementor-element-619064f elementor-section-boxed elementor-section-height-default elementor-section-height-default\" data-id=\"619064f\" data-element_type=\"section\" data-e-type=\"section\" data-settings=\"{&quot;background_background&quot;:&quot;classic&quot;}\">\n\t\t\t\t\t\t<div class=\"elementor-container elementor-column-gap-default\">\n\t\t\t\t\t<div class=\"elementor-column elementor-col-100 elementor-top-column elementor-element elementor-element-545084b\" data-id=\"545084b\" data-element_type=\"column\" data-e-type=\"column\">\n\t\t\t<div class=\"elementor-widget-wrap elementor-element-populated\">\n\t\t\t\t\t\t<div class=\"elementor-element elementor-element-7534627 elementor-widget elementor-widget-spacer\" data-id=\"7534627\" data-element_type=\"widget\" data-e-type=\"widget\" data-widget_type=\"spacer.default\">\n\t\t\t\t<div class=\"elementor-widget-container\">\n\t\t\t\t\t\t\t<div class=\"elementor-spacer\">\n\t\t\t<div class=\"elementor-spacer-inner\"><\/div>\n\t\t<\/div>\n\t\t\t\t\t\t<\/div>\n\t\t\t\t<\/div>\n\t\t\t\t<div class=\"elementor-element elementor-element-9e8a88b elementor-widget elementor-widget-text-editor\" data-id=\"9e8a88b\" data-element_type=\"widget\" data-e-type=\"widget\" data-widget_type=\"text-editor.default\">\n\t\t\t\t<div class=\"elementor-widget-container\">\n\t\t\t\t\t\t\t\t\t<p>                    <div class=\"tickera\">\r\n                                                    <div class=\"tc-event-table-wrap\">\r\n                                <table class=\"event_tickets tickera\">\r\n                                    <tr>\r\n                                                                                <th>Ticket Type<\/th>\r\n                                                                                <th>Price<\/th>\r\n                                                                                                                        <th>Cart<\/th>\r\n                                    <\/tr>\r\n                                                                                <tr>\r\n                                                                                        <td data-column=\"Ticket Type\">INTERINSTITUCIONAL<\/td>\r\n                                                                                        <td data-column=\"Price\">$200<\/td>\r\n                                                                                                                                    <td data-column=\"Cart\"><form class=\"cart_form\"><input type=\"hidden\" id=\"nonce\" name=\"nonce\" value=\"726c8c0f26\" \/><input type=\"hidden\" name=\"_wp_http_referer\" value=\"\/eventos\/wp-json\/wp\/v2\/pages\/2713\" \/><a href=\"#\" class=\"add_to_cart\" data-button-type=\"cart\" data-open-method=\"regular\" id=\"ticket_2864\"><span class=\"title\">Add to Cart<\/span><\/a><input type=\"hidden\" name=\"ticket_id\" class=\"ticket_id\" value=\"2864\" \/><\/form><\/td>\r\n                                            <\/tr>                                <\/table>\r\n                            <\/div><!-- .tc-event-table-wrap -->\r\n                                            <\/div><!-- tickera -->\r\n                    <\/p>\t\t\t\t\t\t\t\t<\/div>\n\t\t\t\t<\/div>\n\t\t<div class=\"elementor-element elementor-element-3235d15 e-flex e-con-boxed e-con e-parent\" data-id=\"3235d15\" data-element_type=\"container\" data-e-type=\"container\">\n\t\t\t\t\t<div class=\"e-con-inner\">\n\t\t<div class=\"elementor-element elementor-element-613154e e-con-full e-flex e-con e-child\" data-id=\"613154e\" data-element_type=\"container\" data-e-type=\"container\">\n\t\t\t\t<div class=\"elementor-element elementor-element-38de6e3 elementor-widget elementor-widget-heading\" data-id=\"38de6e3\" data-element_type=\"widget\" data-e-type=\"widget\" data-widget_type=\"heading.default\">\n\t\t\t\t<div class=\"elementor-widget-container\">\n\t\t\t\t\t<h2 class=\"elementor-heading-title elementor-size-default\">Instrucciones para registrar mi boleto<\/h2>\t\t\t\t<\/div>\n\t\t\t\t<\/div>\n\t\t\t\t<div class=\"elementor-element elementor-element-8d4dc6d elementor-widget elementor-widget-text-editor\" data-id=\"8d4dc6d\" data-element_type=\"widget\" data-e-type=\"widget\" data-widget_type=\"text-editor.default\">\n\t\t\t\t<div class=\"elementor-widget-container\">\n\t\t\t\t\t\t\t\t\t<ol><li>Selecciona la &#8220;Cantidad&#8221; de boletos que deseas comprar.<br \/><br \/><\/li><li>Da click en la opci\u00f3n &#8220;Agregar a Carrito&#8221;.<br \/><br \/><\/li><li>Espera que la palabra cambie a &#8220;Carrito&#8221;.<br \/><br \/><\/li><li>\u00a0Cambiar\u00e1 a la p\u00e1gina de pago donde podr\u00e1s verificar el monto a pagar, aqu\u00ed mismo puede cambiar el n\u00famero de boletos ya sea aumentando o disminuyendo la cantidad indicada en el campo &#8220;Cantidad&#8221;, tambi\u00e9n es el momento de hacer v\u00e1lido alg\u00fan c\u00f3digo de descuento ingres\u00e1ndolo (Si es que te asignaron uno, en caso contrario dejar en blanco ese campo) en el campo correspondiente.<br \/><br \/><\/li><li>Deber\u00e1s llenar ahora los campos que aparecen para los datos del comprador, es muy importante escribir correctamente el correo electr\u00f3nico pues ah\u00ed recibir\u00e1s tus boletos.<br \/><br \/><\/li><li>Despu\u00e9s deber\u00e1s ingresar los datos de los participantes si es la misma persona es necesario ingresar tus datos de nuevo en los campos indicados.<br \/><br \/><\/li><li>\u00a0Una vez llenados los formularios solo debes hacer click en el bot\u00f3n de proceder al pago.<br \/><br \/><\/li><li>Te aparecer\u00e1 una nueva venta donde seleccionaras el m\u00e9todo de pago de tu preferencia, despu\u00e9s de eso te aparecer\u00e1n las instrucciones o la plataforma de pago dependiendo el m\u00e9todo que elegiste.<br \/><br \/><\/li><li>Una vez completado el proceso de pago tus correos deber\u00e1n llegar al correo electr\u00f3nico que registraste, se recomienda revisar sus buzones de &#8220;Spam&#8221; o &#8220;No deseados&#8221;<\/li><\/ol>\t\t\t\t\t\t\t\t<\/div>\n\t\t\t\t<\/div>\n\t\t\t\t<\/div>\n\t\t<div class=\"elementor-element elementor-element-d0a2f32 e-con-full e-flex e-con e-child\" data-id=\"d0a2f32\" data-element_type=\"container\" data-e-type=\"container\" data-settings=\"{&quot;background_background&quot;:&quot;classic&quot;}\">\n\t\t\t\t<div class=\"elementor-element elementor-element-56a2d49 elementor-widget elementor-widget-heading\" data-id=\"56a2d49\" data-element_type=\"widget\" data-e-type=\"widget\" data-widget_type=\"heading.default\">\n\t\t\t\t<div class=\"elementor-widget-container\">\n\t\t\t\t\t<h2 class=\"elementor-heading-title elementor-size-default\">Video manual \u00bfC\u00f3mo compro mi boleto?<\/h2>\t\t\t\t<\/div>\n\t\t\t\t<\/div>\n\t\t\t\t<div class=\"elementor-element elementor-element-438848b elementor-widget elementor-widget-spacer\" data-id=\"438848b\" data-element_type=\"widget\" data-e-type=\"widget\" data-widget_type=\"spacer.default\">\n\t\t\t\t<div class=\"elementor-widget-container\">\n\t\t\t\t\t\t\t<div class=\"elementor-spacer\">\n\t\t\t<div class=\"elementor-spacer-inner\"><\/div>\n\t\t<\/div>\n\t\t\t\t\t\t<\/div>\n\t\t\t\t<\/div>\n\t\t\t\t<div class=\"elementor-element elementor-element-f00e96a elementor-widget elementor-widget-video\" data-id=\"f00e96a\" data-element_type=\"widget\" data-e-type=\"widget\" data-settings=\"{&quot;youtube_url&quot;:&quot;https:\\\/\\\/youtu.be\\\/6-e2FGb4GaU&quot;,&quot;video_type&quot;:&quot;youtube&quot;,&quot;controls&quot;:&quot;yes&quot;}\" data-widget_type=\"video.default\">\n\t\t\t\t<div class=\"elementor-widget-container\">\n\t\t\t\t\t\t\t<div class=\"elementor-wrapper elementor-open-inline\">\n\t\t\t<div class=\"elementor-video\"><\/div>\t\t<\/div>\n\t\t\t\t\t\t<\/div>\n\t\t\t\t<\/div>\n\t\t\t\t<div class=\"elementor-element elementor-element-ea46623 elementor-widget elementor-widget-spacer\" data-id=\"ea46623\" data-element_type=\"widget\" data-e-type=\"widget\" data-widget_type=\"spacer.default\">\n\t\t\t\t<div class=\"elementor-widget-container\">\n\t\t\t\t\t\t\t<div class=\"elementor-spacer\">\n\t\t\t<div class=\"elementor-spacer-inner\"><\/div>\n\t\t<\/div>\n\t\t\t\t\t\t<\/div>\n\t\t\t\t<\/div>\n\t\t\t\t<div class=\"elementor-element elementor-element-7471cc5 elementor-widget elementor-widget-text-editor\" data-id=\"7471cc5\" data-element_type=\"widget\" data-e-type=\"widget\" data-widget_type=\"text-editor.default\">\n\t\t\t\t<div class=\"elementor-widget-container\">\n\t\t\t\t\t\t\t\t\t<p>En caso de dudas o alg\u00fan problema puede contactarnos v\u00eda correo electr\u00f3nico a eventos@fmcomunicaciones.com o v\u00eda WhatsApp al 6681 1028 95<\/p>\t\t\t\t\t\t\t\t<\/div>\n\t\t\t\t<\/div>\n\t\t\t\t<\/div>\n\t\t\t\t\t<\/div>\n\t\t\t\t<\/div>\n\t\t\t\t<div class=\"elementor-element elementor-element-44f9fec elementor-widget elementor-widget-spacer\" data-id=\"44f9fec\" data-element_type=\"widget\" data-e-type=\"widget\" data-widget_type=\"spacer.default\">\n\t\t\t\t<div class=\"elementor-widget-container\">\n\t\t\t\t\t\t\t<div class=\"elementor-spacer\">\n\t\t\t<div class=\"elementor-spacer-inner\"><\/div>\n\t\t<\/div>\n\t\t\t\t\t\t<\/div>\n\t\t\t\t<\/div>\n\t\t\t\t\t<\/div>\n\t\t<\/div>\n\t\t\t\t\t<\/div>\n\t\t<\/section>\n\t\t\t\t<section class=\"elementor-section elementor-top-section elementor-element elementor-element-b0de0f3 elementor-section-boxed elementor-section-height-default elementor-section-height-default\" data-id=\"b0de0f3\" data-element_type=\"section\" data-e-type=\"section\">\n\t\t\t\t\t\t<div class=\"elementor-container elementor-column-gap-default\">\n\t\t\t\t\t<div class=\"elementor-column elementor-col-100 elementor-top-column elementor-element elementor-element-1ac1b3b\" data-id=\"1ac1b3b\" data-element_type=\"column\" data-e-type=\"column\">\n\t\t\t<div class=\"elementor-widget-wrap elementor-element-populated\">\n\t\t\t\t\t\t<div class=\"elementor-element elementor-element-3858f08 elementor-widget elementor-widget-heading\" data-id=\"3858f08\" data-element_type=\"widget\" data-e-type=\"widget\" data-widget_type=\"heading.default\">\n\t\t\t\t<div class=\"elementor-widget-container\">\n\t\t\t\t\t<h2 class=\"elementor-heading-title elementor-size-default\">PROGRAMA<\/h2>\t\t\t\t<\/div>\n\t\t\t\t<\/div>\n\t\t\t\t<div class=\"elementor-element elementor-element-a81c134 elementor-widget elementor-widget-heading\" data-id=\"a81c134\" data-element_type=\"widget\" data-e-type=\"widget\" data-widget_type=\"heading.default\">\n\t\t\t\t<div class=\"elementor-widget-container\">\n\t\t\t\t\t<h2 class=\"elementor-heading-title elementor-size-default\">15 de noviembre 2024<\/h2>\t\t\t\t<\/div>\n\t\t\t\t<\/div>\n\t\t\t\t<div class=\"elementor-element elementor-element-41adabb elementor-widget elementor-widget-html\" data-id=\"41adabb\" data-element_type=\"widget\" data-e-type=\"widget\" data-widget_type=\"html.default\">\n\t\t\t\t<div class=\"elementor-widget-container\">\n\t\t\t\t\t<!DOCTYPE html>\r\n<html>\r\n\r\n<head>\r\n    <title><\/title>\r\n<\/head>\r\n\r\n<body>\r\n    <table width=\"1920\" border=\"1\" id=\"1\">\r\n        <thead>\r\n            <tr>\r\n                <th bgcolor=\"#7C0F44\" scope=\"col\" style=\"background-color: rgb(85, 57, 130); width: 12.9953%;\"><strong><span style=\"color: rgb(255, 255, 255);\">HORA<\/span><\/strong><\/th>\r\n                <th bgcolor=\"#7C0F44\" scope=\"col\" style=\"background-color: rgb(85, 57, 130); width: 34.9068%;\"><span style=\"color: rgb(255, 255, 255);\">TEMA<\/span><\/th>\r\n                <th bgcolor=\"#7C0F44\" scope=\"col\" style=\"background-color: rgb(85, 57, 130); width: 14.2737%;\"><span style=\"color: rgb(255, 255, 255);\">DURACI&Oacute;N<\/span><\/th>\r\n                <th bgcolor=\"#7C0F44\" scope=\"col\" style=\"background-color: rgb(85, 57, 130); width: 37.8242%;\"><span style=\"color: rgb(255, 255, 255);\">PONENTE<\/span><\/th>\r\n            <\/tr>\r\n        <\/thead>\r\n        <tbody>\r\n            <tr>\r\n                <td align=\"center\" valign=\"middle\" style=\"width: 12.9953%;\"><strong>9:00 - 9:40<\/strong><\/td>\r\n                <td align=\"center\" valign=\"middle\" style=\"width: 34.9068%;\">RETOS ACTUALES DE ENFERMER&Iacute;A<\/td>\r\n                <td align=\"center\" valign=\"middle\" style=\"width: 14.2737%;\">40 MINUTOS<\/td>\r\n                <td align=\"center\" valign=\"middle\" style=\"width: 37.8242%;\"><strong>DRA. NIDIA SELENE CASTRO LEYVA<\/strong><br>HOSPITAL GENERAL<br>IMSS BIENESTAR<br>LOS MOCHIS<\/td>\r\n            <\/tr>\r\n            <tr>\r\n                <td align=\"center\" valign=\"middle\" style=\"width: 12.9953%;\"><strong>9:40 - 10:10<\/strong><\/td>\r\n                <td align=\"center\" valign=\"middle\" style=\"width: 34.9068%;\">INAGURACI&Oacute;N<\/td>\r\n                <td align=\"center\" valign=\"middle\" style=\"width: 14.2737%;\">30 MINUTOS<\/td>\r\n                <td align=\"center\" valign=\"middle\" style=\"width: 37.8242%;\">AUTORIDADES DEL ESTADOS DE SINALOA<br>JEFES DE ENFERMER&Iacute;A<\/td>\r\n            <\/tr>\r\n            <tr>\r\n                <td align=\"center\" valign=\"middle\" style=\"width: 12.9953%;\">\r\n                    <p><strong>10:10 - 10:50<\/strong><\/p>\r\n                <\/td>\r\n                <td align=\"center\" valign=\"middle\" style=\"width: 34.9068%;\">\r\n                    <p>APRENDIZAJE BASADO EN COMPETENCIAS.<br>METODOLOG&Iacute;A EDUCASTIVA Y EVALUACI&Oacute;N<\/p>\r\n                <\/td>\r\n                <td align=\"center\" valign=\"middle\" style=\"width: 14.2737%;\">40 MINUTOS<\/td>\r\n                <td align=\"center\" valign=\"middle\" style=\"width: 37.8242%;\"><strong>DR. FELIX GERARDO BUICHIA SOMBRA<\/strong><br>HOSPITAL GENERAL<br>IMSS BIENESTAR<br>LOS MOCHIS<\/td>\r\n            <\/tr>\r\n            <tr>\r\n                <td align=\"center\" valign=\"middle\" bgcolor=\"#006633\" style=\"background-color: rgb(65, 168, 95); width: 12.9953%;\"><strong><span style=\"color: rgb(255, 255, 255);\">10:50 - 11:50<\/span><\/strong><\/td>\r\n                <td align=\"center\" valign=\"middle\" bgcolor=\"#006633\" style=\"background-color: rgb(65, 168, 95); width: 34.9068%;\"><span style=\"color: rgb(255, 255, 255);\">RECESO<\/span><\/td>\r\n                <td align=\"center\" valign=\"middle\" bgcolor=\"#006633\" style=\"background-color: rgb(65, 168, 95); width: 14.2737%;\"><span style=\"color: rgb(255, 255, 255);\">15 MINUTOS<\/span><\/td>\r\n                <td align=\"center\" valign=\"middle\" bgcolor=\"#006633\" style=\"background-color: rgb(65, 168, 95); width: 37.8242%;\">&nbsp;<\/td>\r\n            <\/tr>\r\n            <tr>\r\n                <td align=\"center\" valign=\"middle\" style=\"width: 12.9953%;\"><strong>11:05 - 11:45<\/strong><\/td>\r\n                <td align=\"center\" valign=\"middle\" style=\"width: 34.9068%;\">CODIGO MATER Y EQUIPO DE RESPUESTA<br>INMEDIATA OBST&Eacute;TRICA (ERIO)<\/td>\r\n                <td align=\"center\" valign=\"middle\" style=\"width: 14.2737%;\">40 MINUTOS<\/td>\r\n                <td align=\"center\" valign=\"middle\" style=\"width: 37.8242%;\"><strong>DR. MARCO JULIO CARLON GRAJALES<\/strong><br>GINECO OBSTETRA<br>HOSPITAL F&Aacute;TIMA<br>LOS MOCHIS<\/td>\r\n            <\/tr>\r\n            <tr>\r\n                <td align=\"center\" valign=\"middle\" style=\"width: 12.9953%;\"><strong>11:45 -12:25<\/strong><\/td>\r\n                <td align=\"center\" valign=\"middle\" style=\"width: 34.9068%;\">RCP EN LA MUJER EMBARAZADA<\/td>\r\n                <td align=\"center\" valign=\"middle\" style=\"width: 14.2737%;\">40 MINUTOS<\/td>\r\n                <td align=\"center\" valign=\"middle\" style=\"width: 37.8242%;\"><strong>SEGUNDO MAESTRE LIC. ENF. GIOVANNI ROMANILLO FELICIANO<\/strong><br>HOSPITAL NAVAL TOPOLOBAMPO<br>LOS MOCHIS<\/td>\r\n            <\/tr>\r\n            <tr>\r\n                <td align=\"center\" valign=\"middle\" style=\"width: 12.9953%;\"><strong>12:25 - 13:05<\/strong><\/td>\r\n                <td align=\"center\" valign=\"middle\" style=\"width: 34.9068%;\">PERSONAL DISRUPTIVO VS S&Iacute;NDROME DE BURNOUT<\/td>\r\n                <td align=\"center\" valign=\"middle\" style=\"width: 14.2737%;\">40 MINUTOS<\/td>\r\n                <td align=\"center\" valign=\"middle\" style=\"width: 37.8242%;\"><strong>PSIC&Oacute;LOGA IVONNE MIRANDA MIRANDA<\/strong><br>JURISDICCI&Oacute;N SANITARIA<br>LOS MOCHIS<\/td>\r\n            <\/tr>\r\n            <tr>\r\n                <td align=\"center\" valign=\"middle\" bgcolor=\"#73A32C\" style=\"background-color: rgb(250, 197, 28); width: 12.9953%;\"><strong><span style=\"color: rgb(255, 255, 255);\">13:05 -15:00<\/span><\/strong><\/td>\r\n                <td align=\"center\" valign=\"middle\" bgcolor=\"#73A32C\" style=\"background-color: rgb(250, 197, 28); width: 34.9068%;\"><span style=\"color: rgb(255, 255, 255);\"><strong>COMIDA<\/strong><\/span><\/td>\r\n                <td align=\"center\" valign=\"middle\" bgcolor=\"#73A32C\" style=\"background-color: rgb(250, 197, 28); width: 14.2737%;\">&nbsp;<\/td>\r\n                <td align=\"center\" valign=\"middle\" bgcolor=\"#73A32C\" style=\"background-color: rgb(250, 197, 28); width: 37.8242%;\">&nbsp;<\/td>\r\n            <\/tr>\r\n            <tr>\r\n                <td align=\"center\" valign=\"middle\" style=\"width: 12.9953%;\"><strong>15:00 -15:40<\/strong><\/td>\r\n                <td align=\"center\" valign=\"middle\" style=\"width: 34.9068%;\">ENFERMER&Iacute;A T&Aacute;CTICA<\/td>\r\n                <td align=\"center\" valign=\"middle\" style=\"width: 14.2737%;\">40 MINUTOS<\/td>\r\n                <td align=\"center\" valign=\"middle\" style=\"width: 37.8242%;\"><strong>SEGUNDO MAESTRE LIC. ENF. GIOVANNI ROMANILLO FELICIANO<\/strong><br>HOSPITAL NAVAL TOPOLOBAMPO<br>LOS MOCHIS<\/td>\r\n            <\/tr>\r\n            <tr>\r\n                <td align=\"center\" valign=\"middle\" style=\"width: 12.9953%;\"><strong>15:40 -16:20<\/strong><\/td>\r\n                <td align=\"center\" valign=\"middle\" style=\"width: 34.9068%;\">RESPONSABILIDAD LEGAL EN LA<br>PR&Aacute;CTICA DE LA ENFERMER&Iacute;A<\/td>\r\n                <td align=\"center\" valign=\"middle\" style=\"width: 14.2737%;\">40 MINUTOS<\/td>\r\n                <td align=\"center\" valign=\"middle\" style=\"width: 37.8242%;\"><strong>MGSS ROSALBA DE JESUS CORRAL QUIROZ<\/strong><br>PRESIDENTA DEL COLEGIO DE ENFERMERIA SINALOENSE<br>CULIAC&Aacute;N<\/td>\r\n            <\/tr>\r\n            <tr>\r\n                <td align=\"center\" valign=\"middle\" bgcolor=\"#006633\" style=\"background-color: rgb(65, 168, 95); width: 12.9953%;\"><strong><span style=\"color: rgb(255, 255, 255);\">16:20 - 16:35<\/span><\/strong><\/td>\r\n                <td align=\"center\" valign=\"middle\" bgcolor=\"#006633\" style=\"background-color: rgb(65, 168, 95); width: 34.9068%;\"><span style=\"color: rgb(255, 255, 255);\"><strong>RECESO<\/strong><\/span><\/td>\r\n                <td align=\"center\" valign=\"middle\" bgcolor=\"#006633\" style=\"background-color: rgb(65, 168, 95); width: 14.2737%;\"><strong><span style=\"color: rgb(255, 255, 255);\">15 MINUTOS<\/span><\/strong><\/td>\r\n                <td align=\"center\" valign=\"middle\" bgcolor=\"#006633\" style=\"background-color: rgb(65, 168, 95); width: 37.8242%;\">&nbsp;<\/td>\r\n            <\/tr>\r\n            <tr>\r\n                <td align=\"center\" valign=\"middle\" style=\"width: 12.9953%;\"><strong>16:35 &ndash; 17:15<\/strong><\/td>\r\n                <td align=\"center\" valign=\"middle\" style=\"width: 34.9068%;\">EVOLUCI&Oacute;N DE LOS CUIDADOS DE ENFERMER&Iacute;A<br>Y SU ACTUALIDAD INDICADORES DE CALIDAD<\/td>\r\n                <td align=\"center\" valign=\"middle\" style=\"width: 14.2737%;\">40 MINUTOS<\/td>\r\n                <td align=\"center\" valign=\"middle\" style=\"width: 37.8242%;\"><strong>MAESTRA LORENA ESCARE&Ntilde;O MALDONADO<\/strong><br>ENCARGADA NACIONAL DE CALIDAD<br>ISSSTE<br>CDMX<\/td>\r\n            <\/tr>\r\n            <tr>\r\n                <td align=\"center\" valign=\"middle\" style=\"width: 12.9953%;\"><strong>17:15 &ndash; 17:55<\/strong><\/td>\r\n                <td align=\"center\" valign=\"middle\" style=\"width: 34.9068%;\">IMPORTANCIA DEL REGISTRO Y SEGUIMIENTO DE LOS<br>PAQUETES IAAS Y SU IMPACTO EN LA ATENCION DEL PACIENTE<\/td>\r\n                <td align=\"center\" valign=\"middle\" style=\"width: 14.2737%;\">40 MINUTOS<\/td>\r\n                <td align=\"center\" valign=\"middle\" style=\"width: 37.8242%;\"><strong>EPIDEMIOLOGA DRA. MA. MERCEDES ESCAMILLA OCHOA,<\/strong><br>JEFE DEL DPTO DE EPIDEMIOLOG&Iacute;A<br>DEL HOSP GENERAL MOCHIS IMSS BIENESTAR<\/td>\r\n            <\/tr>\r\n            <tr>\r\n                <td align=\"center\" valign=\"middle\" style=\"width: 12.9953%;\"><strong>17:55 - 18:35<\/strong><\/td>\r\n                <td align=\"center\" valign=\"middle\" style=\"width: 34.9068%;\">PREVENCION, MANEJO Y DISPOSITIVOS DE UPP<\/td>\r\n                <td align=\"center\" valign=\"middle\" style=\"width: 14.2737%;\">40 MINUTOS<\/td>\r\n                <td align=\"center\" valign=\"middle\" style=\"width: 37.8242%;\"><strong>TENIENTE LLUVIA IRLANDA GRAJALES VELASCO<\/strong><br>HOSPITAL NAVAL<br>VERACRUZ<\/td>\r\n            <\/tr>\r\n        <\/tbody>\r\n    <\/table>\r\n<\/body>\r\n\r\n<\/html>\t\t\t\t<\/div>\n\t\t\t\t<\/div>\n\t\t\t\t\t<\/div>\n\t\t<\/div>\n\t\t\t\t\t<\/div>\n\t\t<\/section>\n\t\t\t\t<section class=\"elementor-section elementor-top-section elementor-element elementor-element-4567504 elementor-section-boxed elementor-section-height-default elementor-section-height-default\" data-id=\"4567504\" data-element_type=\"section\" data-e-type=\"section\">\n\t\t\t\t\t\t<div class=\"elementor-container elementor-column-gap-default\">\n\t\t\t\t\t<div class=\"elementor-column elementor-col-100 elementor-top-column elementor-element elementor-element-2458f60\" data-id=\"2458f60\" data-element_type=\"column\" data-e-type=\"column\">\n\t\t\t<div class=\"elementor-widget-wrap elementor-element-populated\">\n\t\t\t\t\t\t<div class=\"elementor-element elementor-element-caab4a7 elementor-widget elementor-widget-heading\" data-id=\"caab4a7\" data-element_type=\"widget\" data-e-type=\"widget\" data-widget_type=\"heading.default\">\n\t\t\t\t<div class=\"elementor-widget-container\">\n\t\t\t\t\t<h2 class=\"elementor-heading-title elementor-size-default\">16 de noviembre 2024<\/h2>\t\t\t\t<\/div>\n\t\t\t\t<\/div>\n\t\t\t\t<div class=\"elementor-element elementor-element-f5e5fdd elementor-widget elementor-widget-html\" data-id=\"f5e5fdd\" data-element_type=\"widget\" data-e-type=\"widget\" data-widget_type=\"html.default\">\n\t\t\t\t<div class=\"elementor-widget-container\">\n\t\t\t\t\t<html>\r\n\r\n<head>\r\n    <title><\/title>\r\n<\/head>\r\n\r\n<body>\r\n    <table width=\"1920\" border=\"1\" id=\"1\">\r\n        <thead>\r\n            <tr>\r\n                <th bgcolor=\"#7C0F44\" scope=\"col\" style=\"background-color: rgb(85, 57, 130); width: 12.9953%;\"><strong><span style=\"color: rgb(255, 255, 255);\">HORA<\/span><\/strong><\/th>\r\n                <th bgcolor=\"#7C0F44\" scope=\"col\" style=\"background-color: rgb(85, 57, 130); width: 34.9068%;\"><span style=\"color: rgb(255, 255, 255);\">TEMA<\/span><\/th>\r\n                <th bgcolor=\"#7C0F44\" scope=\"col\" style=\"background-color: rgb(85, 57, 130); width: 14.2737%;\"><span style=\"color: rgb(255, 255, 255);\">DURACI&Oacute;N<\/span><\/th>\r\n                <th bgcolor=\"#7C0F44\" scope=\"col\" style=\"background-color: rgb(85, 57, 130); width: 37.8242%;\"><span style=\"color: rgb(255, 255, 255);\">PONENTE<\/span><\/th>\r\n            <\/tr>\r\n        <\/thead>\r\n        <tbody>\r\n            <tr>\r\n                <td align=\"center\" valign=\"middle\" style=\"width: 12.9953%;\"><strong>9:00 - 9:40<\/strong><\/td>\r\n                <td align=\"center\" valign=\"middle\" style=\"width: 34.9068%;\">\r\n                    <p>USO Y MANEJO DE LOS INSTRUMENTOS DE EVALUACI&Oacute;N AESP<\/p><br>\r\n                <\/td>\r\n                <td align=\"center\" valign=\"middle\" style=\"width: 14.2737%;\">40 MINUTOS<\/td>\r\n                <td align=\"center\" valign=\"middle\" style=\"width: 37.8242%;\">\r\n                    <p><strong>LIC. ENF. JESUS HAYD&Eacute;E VERDUGO<\/strong> OLIVAS<br>CENTRO M&Eacute;DICO<br>LOS MOCHIS<\/p><br>\r\n                <\/td>\r\n            <\/tr>\r\n            <tr>\r\n                <td align=\"center\" valign=\"middle\" style=\"width: 12.9953%;\"><strong>9:40 - 10:20<\/strong><\/td>\r\n                <td align=\"center\" valign=\"middle\" style=\"width: 34.9068%;\">PRIMER NIVEL DE ATENCION EN EL MAS BIENESTAR<br><\/td>\r\n                <td align=\"center\" valign=\"middle\" style=\"width: 14.2737%;\">40 MINUTOS<\/td>\r\n                <td align=\"center\" valign=\"middle\" style=\"width: 37.8242%;\">\r\n                    <p><strong>MTRA. REYNALDA GUADALUPE ZU&Ntilde;IGA LUGO<\/strong><br>JEFE DE ENFERMER&Iacute;A ESTATAL&nbsp;<br>IMSS BIENESTAR<br>CULIAC&Aacute;N<\/p><br>\r\n                <\/td>\r\n            <\/tr>\r\n            <tr>\r\n                <td align=\"center\" valign=\"middle\" style=\"width: 12.9953%;\">\r\n                    <p><strong>10:20 - 11:00<\/strong><\/p>\r\n                <\/td>\r\n                <td align=\"center\" valign=\"middle\" style=\"width: 34.9068%;\">\r\n                    <p>PERSPECTIVA DE ENFERMER&Iacute;A EN EL CUIDADO DEL ADULTO MAYOR<\/p>\r\n                <\/td>\r\n                <td align=\"center\" valign=\"middle\" style=\"width: 14.2737%;\">40 MINUTOS<\/td>\r\n                <td align=\"center\" valign=\"middle\" style=\"width: 37.8242%;\">\r\n                    <p><strong>DRA. PATRICIA ENEDINA MIRANDA F&Eacute;LIX<\/strong><br>DRA. EN CIENCIAS DE ENFERMER&Iacute;A<br>LOS MOCHIS<\/p><br>\r\n                <\/td>\r\n            <\/tr>\r\n            <tr>\r\n                <td align=\"center\" valign=\"middle\" style=\"width: 12.9953%;\">\r\n                    <p><strong>11:00 - 11:40<\/strong><\/p>\r\n                <\/td>\r\n                <td align=\"center\" valign=\"middle\" style=\"width: 34.9068%;\">\r\n                    <p>EVENTO CULTURAL<\/p>\r\n                <\/td>\r\n                <td align=\"center\" valign=\"middle\" style=\"width: 14.2737%;\">30 MINUTOS<\/td>\r\n                <td align=\"center\" valign=\"middle\" style=\"width: 37.8242%;\">\r\n                    <p><strong>NI&Ntilde;OS DE GORO 2<\/strong><br>PRESENTANDO BAILE DEL VENADO DE LA CULTURA YOREME MAYO<\/p><br>\r\n                <\/td>\r\n            <\/tr>\r\n            <tr>\r\n                <td align=\"center\" valign=\"middle\" bgcolor=\"#006633\" style=\"background-color: rgb(65, 168, 95); width: 12.9953%;\"><strong><span style=\"color: rgb(255, 255, 255);\">11:40 - 11:50<\/span><\/strong><\/td>\r\n                <td align=\"center\" valign=\"middle\" bgcolor=\"#006633\" style=\"background-color: rgb(65, 168, 95); width: 34.9068%;\"><span style=\"color: rgb(255, 255, 255);\">RECESO<\/span><\/td>\r\n                <td align=\"center\" valign=\"middle\" bgcolor=\"#006633\" style=\"background-color: rgb(65, 168, 95); width: 14.2737%;\"><span style=\"color: rgb(255, 255, 255);\">15 MINUTOS<\/span><\/td>\r\n                <td align=\"center\" valign=\"middle\" bgcolor=\"#006633\" style=\"background-color: rgb(65, 168, 95); width: 37.8242%;\">&nbsp;<\/td>\r\n            <\/tr>\r\n            <tr>\r\n                <td align=\"center\" valign=\"middle\" style=\"width: 12.9953%;\"><strong>11:50 - 12:30<\/strong><\/td>\r\n                <td align=\"center\" valign=\"middle\" style=\"width: 34.9068%;\">\r\n                    <p>TRANSICI&Oacute;N ACTUAL DE ENFERMER&Iacute;A:<br>CONFLICTO GENERACIONAL DE IMPACTO<\/p><br>\r\n                <\/td>\r\n                <td align=\"center\" valign=\"middle\" style=\"width: 14.2737%;\">40 MINUTOS<\/td>\r\n                <td align=\"center\" valign=\"middle\" style=\"width: 37.8242%;\">\r\n                    <p><strong>LIC. ENF. RA&Uacute;L OLIVAS GARC&Iacute;A<\/strong><br>JEFE DE SERVICIO HGZ DE LA IMSS 49<br>LOS MOCHIS<\/p><br>\r\n                <\/td>\r\n            <\/tr>\r\n            <tr>\r\n                <td align=\"center\" valign=\"middle\" style=\"width: 12.9953%;\"><strong>12:30 -13:10<\/strong><\/td>\r\n                <td align=\"center\" valign=\"middle\" style=\"width: 34.9068%;\">SALUD COMUNITARIA: PERSPECTIVA DEL ROL DE ENFERMERIA<\/td>\r\n                <td align=\"center\" valign=\"middle\" style=\"width: 14.2737%;\">40 MINUTOS<\/td>\r\n                <td align=\"center\" valign=\"middle\" style=\"width: 37.8242%;\"><strong>DRA.MAYRA MENDOZA ARMENTA<\/strong><br>DRA. EN EDUCACI&Oacute;N<br>LOS MOCHIS<\/td>\r\n            <\/tr>\r\n            <tr>\r\n                <td align=\"center\" valign=\"middle\" style=\"width: 12.9953%;\"><strong>13:10 - 13:50<\/strong><\/td>\r\n                <td align=\"center\" valign=\"middle\" style=\"width: 34.9068%;\">&quot;COISS&quot;<br>COMANDO INTERINSTITUCIONAL DE LAS INSTITUCIONES P&Uacute;BLICAS DE DA SALUD<\/td>\r\n                <td align=\"center\" valign=\"middle\" style=\"width: 14.2737%;\">40 MINUTOS<\/td>\r\n                <td align=\"center\" valign=\"middle\" style=\"width: 37.8242%;\"><strong>DRA. LORENA ESCARE&Ntilde;O MALDONADO<\/strong><br>ENCARGADA NACIONAL DE CALIDAD ISSSTE<br>CDMX<br><\/td>\r\n            <\/tr>\r\n            <tr>\r\n                <td align=\"center\" valign=\"middle\" style=\"width: 12.9953%;\"><strong>13:50 -14:30<\/strong><\/td>\r\n                <td align=\"center\" valign=\"middle\" style=\"width: 34.9068%;\">MESA REDONDA PROGRAMAS DEL 1ER. NIVEL DE ATENCI&Oacute;N<\/td>\r\n                <td align=\"center\" valign=\"middle\" style=\"width: 14.2737%;\">45 MINUTOS<\/td>\r\n                <td align=\"center\" valign=\"middle\" style=\"width: 37.8242%;\"><strong>MODERADORA MAESTRA EN ENF. MARTHA VILLA C&Aacute;RDENAS.<\/strong><br><br><strong>LIC. ENF. MAR&Iacute;A GUADALUPE V&Aacute;ZQUEZ LEYVA<\/strong><br>HOSPITAL NAVAL DE TOPOLOBAMPO<br><strong>LIC. ENF. MARTHA ANGELICA G&Oacute;MEZ MORENO<\/strong><br>JEFE DE ENFERMER&Iacute;A CENTRO DE SALUD URBANO LOS MOCHIS<br><strong>DRA. MAR&Iacute;A LOURDES RETAMOZA<\/strong><br>COORDINADORA DE ENFERMER&Iacute;A ISSSTE DELEGACI&Oacute;N SINALOA<br><strong>LIC. ENF. DIANA ROJAS HANSEN<\/strong><br>IMSS UMF#37<br><strong>DRA. CAROLINA VALDEZ MONTERO<\/strong><br>DRA. EN CIENC&Iacute;AS DE ENFERMER&Iacute;A<br><br><\/td>\r\n            <\/tr>\r\n            <tr>\r\n                <td align=\"center\" valign=\"middle\" style=\"width: 12.9953%;\"><strong>14:30 -14:40<\/strong><\/td>\r\n                <td align=\"center\" valign=\"middle\" style=\"width: 34.9068%;\">CLAUSURA<\/td>\r\n                <td align=\"center\" valign=\"middle\" style=\"width: 14.2737%;\"><br><\/td>\r\n                <td align=\"center\" valign=\"middle\" style=\"width: 37.8242%;\">AUTORIDADES DEL ESTADO<\/td>\r\n            <\/tr>\r\n        <\/tbody>\r\n    <\/table>\r\n<\/body>\r\n\r\n<\/html>\t\t\t\t<\/div>\n\t\t\t\t<\/div>\n\t\t\t\t\t<\/div>\n\t\t<\/div>\n\t\t\t\t\t<\/div>\n\t\t<\/section>\n\t\t<div class=\"elementor-element elementor-element-ee8ff44 e-flex e-con-boxed e-con e-parent\" data-id=\"ee8ff44\" data-element_type=\"container\" data-e-type=\"container\" data-settings=\"{&quot;background_background&quot;:&quot;classic&quot;}\">\n\t\t\t\t\t<div class=\"e-con-inner\">\n\t\t\t\t<div class=\"elementor-element elementor-element-2004dc9 elementor-widget elementor-widget-heading\" data-id=\"2004dc9\" data-element_type=\"widget\" data-e-type=\"widget\" data-widget_type=\"heading.default\">\n\t\t\t\t<div class=\"elementor-widget-container\">\n\t\t\t\t\t<h2 class=\"elementor-heading-title elementor-size-default\">CONVOCATORIA<\/h2>\t\t\t\t<\/div>\n\t\t\t\t<\/div>\n\t\t\t\t<div class=\"elementor-element elementor-element-103c018 elementor-widget-divider--view-line elementor-widget elementor-widget-divider\" data-id=\"103c018\" data-element_type=\"widget\" data-e-type=\"widget\" data-widget_type=\"divider.default\">\n\t\t\t\t<div class=\"elementor-widget-container\">\n\t\t\t\t\t\t\t<div class=\"elementor-divider\">\n\t\t\t<span class=\"elementor-divider-separator\">\n\t\t\t\t\t\t<\/span>\n\t\t<\/div>\n\t\t\t\t\t\t<\/div>\n\t\t\t\t<\/div>\n\t\t\t\t<div class=\"elementor-element elementor-element-b3cfedd elementor-widget elementor-widget-text-editor\" data-id=\"b3cfedd\" data-element_type=\"widget\" data-e-type=\"widget\" data-widget_type=\"text-editor.default\">\n\t\t\t\t<div class=\"elementor-widget-container\">\n\t\t\t\t\t\t\t\t\t<p style=\"text-align: center;\"><strong>PRESENTACI\u00d3N DE TRABAJOS TERMINADOS O PROTOCOLOS MODALIDAD P\u00d3STER CIENT\u00cdFICO<\/strong><\/p><p style=\"text-align: center;\">Invitaci\u00f3n a<strong> profesionales de la enfermer\u00eda, brigadistas en servicio social, as\u00ed como a estudiantes de pregrado y posgrado<\/strong>, a sumarse al <strong>1er. Congreso Interinstitucional de Enfermer\u00eda Los Mochis.<\/strong><\/p><h1 style=\"text-align: center;\"><span style=\"color: #ffff00;\">Tem\u00e1tica<\/span><\/h1><ul><li style=\"list-style-type: none;\"><ul><li style=\"list-style-type: none;\"><ul><li style=\"list-style-type: none;\"><ul><li style=\"list-style-type: none;\"><ul><li style=\"text-align: left;\">enfermer\u00eda Cl\u00ednica<\/li><li style=\"text-align: left;\">Cuidados de Enfermer\u00eda en Estado Cr\u00f3nico<\/li><li style=\"text-align: left;\">Cuidado de Enfermer\u00eda en la Prevenci\u00f3n de Adicciones<\/li><li style=\"text-align: left;\">Cuidados de Enfermer\u00eda en Salud Sexual y Reproductiva<\/li><li style=\"text-align: left;\">Educaci\u00f3n y formaci\u00f3n en Enfermer\u00eda<\/li><li style=\"text-align: left;\">Enfermer\u00eda comunitaria, primer nivel de atenci\u00f3n<\/li><\/ul><\/li><\/ul><\/li><\/ul><\/li><\/ul><\/li><\/ul>\t\t\t\t\t\t\t\t<\/div>\n\t\t\t\t<\/div>\n\t\t<div class=\"elementor-element elementor-element-6e06601 e-con-full e-flex e-con e-child\" data-id=\"6e06601\" data-element_type=\"container\" data-e-type=\"container\">\n\t\t<div class=\"elementor-element elementor-element-004cd07 e-con-full e-flex e-con e-child\" data-id=\"004cd07\" data-element_type=\"container\" data-e-type=\"container\">\n\t\t\t\t<div class=\"elementor-element elementor-element-2577c51 elementor-widget elementor-widget-image\" data-id=\"2577c51\" data-element_type=\"widget\" data-e-type=\"widget\" data-widget_type=\"image.default\">\n\t\t\t\t<div class=\"elementor-widget-container\">\n\t\t\t\t\t\t\t\t\t\t\t\t\t\t\t<img decoding=\"async\" width=\"800\" height=\"800\" src=\"https:\/\/www.fmcomunicaciones.com\/eventos\/wp-content\/uploads\/2024\/10\/Qr-1024x1024.png\" class=\"attachment-large size-large wp-image-2842\" alt=\"\" srcset=\"https:\/\/www.fmcomunicaciones.com\/eventos\/wp-content\/uploads\/2024\/10\/Qr-1024x1024.png 1024w, https:\/\/www.fmcomunicaciones.com\/eventos\/wp-content\/uploads\/2024\/10\/Qr-300x300.png 300w, https:\/\/www.fmcomunicaciones.com\/eventos\/wp-content\/uploads\/2024\/10\/Qr-150x150.png 150w, https:\/\/www.fmcomunicaciones.com\/eventos\/wp-content\/uploads\/2024\/10\/Qr-768x768.png 768w, https:\/\/www.fmcomunicaciones.com\/eventos\/wp-content\/uploads\/2024\/10\/Qr.png 1200w\" sizes=\"(max-width: 800px) 100vw, 800px\" \/>\t\t\t\t\t\t\t\t\t\t\t\t\t\t\t<\/div>\n\t\t\t\t<\/div>\n\t\t\t\t<\/div>\n\t\t<div class=\"elementor-element elementor-element-0c05c43 e-con-full e-flex e-con e-child\" data-id=\"0c05c43\" data-element_type=\"container\" data-e-type=\"container\">\n\t\t\t\t<div class=\"elementor-element elementor-element-be3f094 elementor-widget elementor-widget-heading\" data-id=\"be3f094\" data-element_type=\"widget\" data-e-type=\"widget\" data-widget_type=\"heading.default\">\n\t\t\t\t<div class=\"elementor-widget-container\">\n\t\t\t\t\t<h2 class=\"elementor-heading-title elementor-size-default\">Escanea el QR<\/h2>\t\t\t\t<\/div>\n\t\t\t\t<\/div>\n\t\t\t\t<div class=\"elementor-element elementor-element-e790a57 elementor-widget elementor-widget-heading\" data-id=\"e790a57\" data-element_type=\"widget\" data-e-type=\"widget\" data-widget_type=\"heading.default\">\n\t\t\t\t<div class=\"elementor-widget-container\">\n\t\t\t\t\t<h5 class=\"elementor-heading-title elementor-size-default\">y descarga la plantilla<\/h5>\t\t\t\t<\/div>\n\t\t\t\t<\/div>\n\t\t\t\t<\/div>\n\t\t\t\t<\/div>\n\t\t<div class=\"elementor-element elementor-element-bde08f7 e-con-full e-flex e-con e-child\" data-id=\"bde08f7\" data-element_type=\"container\" data-e-type=\"container\" data-settings=\"{&quot;background_background&quot;:&quot;classic&quot;}\">\n\t\t\t\t<div class=\"elementor-element elementor-element-a95d565 elementor-widget elementor-widget-text-editor\" data-id=\"a95d565\" data-element_type=\"widget\" data-e-type=\"widget\" data-widget_type=\"text-editor.default\">\n\t\t\t\t<div class=\"elementor-widget-container\">\n\t\t\t\t\t\t\t\t\t<h4><strong>Env\u00eda tu propuestaal correo:<\/strong><br \/><span style=\"color: #ffffff;\"><strong><a style=\"color: #ffffff;\" href=\"mailto:interinstitucionallosmochis@gmail.com\">interinstitucionallosmochis@gmail.com<\/a><\/strong><\/span><\/h4><h4><strong>Fecha l\u00edmite de recpeci\u00f3n de trabajos:<\/strong><br \/><strong><span style=\"color: #ffffff;\">10 de noviembre de 2024<\/span><\/strong><\/h4>\t\t\t\t\t\t\t\t<\/div>\n\t\t\t\t<\/div>\n\t\t\t\t<\/div>\n\t\t\t\t\t<\/div>\n\t\t\t\t<\/div>\n\t\t<div class=\"elementor-element elementor-element-0431824 e-flex e-con-boxed e-con e-parent\" data-id=\"0431824\" data-element_type=\"container\" data-e-type=\"container\">\n\t\t\t\t\t<div class=\"e-con-inner\">\n\t\t\t\t<div class=\"elementor-element elementor-element-6f0de3a elementor-widget elementor-widget-image\" data-id=\"6f0de3a\" data-element_type=\"widget\" data-e-type=\"widget\" data-widget_type=\"image.default\">\n\t\t\t\t<div class=\"elementor-widget-container\">\n\t\t\t\t\t\t\t\t\t\t\t\t\t\t\t<img decoding=\"async\" width=\"1920\" height=\"198\" src=\"https:\/\/www.fmcomunicaciones.com\/eventos\/wp-content\/uploads\/2024\/10\/logos.png\" class=\"attachment-full size-full wp-image-2832\" alt=\"\" srcset=\"https:\/\/www.fmcomunicaciones.com\/eventos\/wp-content\/uploads\/2024\/10\/logos.png 1920w, https:\/\/www.fmcomunicaciones.com\/eventos\/wp-content\/uploads\/2024\/10\/logos-300x31.png 300w, https:\/\/www.fmcomunicaciones.com\/eventos\/wp-content\/uploads\/2024\/10\/logos-1024x106.png 1024w, https:\/\/www.fmcomunicaciones.com\/eventos\/wp-content\/uploads\/2024\/10\/logos-768x79.png 768w, https:\/\/www.fmcomunicaciones.com\/eventos\/wp-content\/uploads\/2024\/10\/logos-1536x158.png 1536w\" sizes=\"(max-width: 1920px) 100vw, 1920px\" \/>\t\t\t\t\t\t\t\t\t\t\t\t\t\t\t<\/div>\n\t\t\t\t<\/div>\n\t\t\t\t\t<\/div>\n\t\t\t\t<\/div>\n\t\t\t\t<\/div>\n\t\t","protected":false},"excerpt":{"rendered":"<p>Instrucciones para registrar mi boleto Selecciona la &#8220;Cantidad&#8221; de boletos que deseas comprar. Da click en la opci\u00f3n &#8220;Agregar a Carrito&#8221;. Espera que la palabra cambie a &#8220;Carrito&#8221;. \u00a0Cambiar\u00e1 a la p\u00e1gina de pago donde podr\u00e1s verificar el monto a pagar, aqu\u00ed mismo puede cambiar el n\u00famero de boletos ya sea aumentando o disminuyendo la [&hellip;]<\/p>\n","protected":false},"author":1,"featured_media":0,"parent":0,"menu_order":0,"comment_status":"closed","ping_status":"closed","template":"elementor_canvas","meta":{"footnotes":""},"class_list":["post-2713","page","type-page","status-publish","hentry"],"_links":{"self":[{"href":"https:\/\/www.fmcomunicaciones.com\/eventos\/wp-json\/wp\/v2\/pages\/2713","targetHints":{"allow":["GET"]}}],"collection":[{"href":"https:\/\/www.fmcomunicaciones.com\/eventos\/wp-json\/wp\/v2\/pages"}],"about":[{"href":"https:\/\/www.fmcomunicaciones.com\/eventos\/wp-json\/wp\/v2\/types\/page"}],"author":[{"embeddable":true,"href":"https:\/\/www.fmcomunicaciones.com\/eventos\/wp-json\/wp\/v2\/users\/1"}],"replies":[{"embeddable":true,"href":"https:\/\/www.fmcomunicaciones.com\/eventos\/wp-json\/wp\/v2\/comments?post=2713"}],"version-history":[{"count":136,"href":"https:\/\/www.fmcomunicaciones.com\/eventos\/wp-json\/wp\/v2\/pages\/2713\/revisions"}],"predecessor-version":[{"id":2905,"href":"https:\/\/www.fmcomunicaciones.com\/eventos\/wp-json\/wp\/v2\/pages\/2713\/revisions\/2905"}],"wp:attachment":[{"href":"https:\/\/www.fmcomunicaciones.com\/eventos\/wp-json\/wp\/v2\/media?parent=2713"}],"curies":[{"name":"wp","href":"https:\/\/api.w.org\/{rel}","templated":true}]}}